{"id":3,"date":"2025-08-08T17:01:14","date_gmt":"2025-08-08T17:01:14","guid":{"rendered":"http:\/\/eigenwill.com\/?page_id=3"},"modified":"2026-05-25T16:07:33","modified_gmt":"2026-05-25T14:07:33","slug":"privacy-policy","status":"publish","type":"page","link":"https:\/\/eigenwill.com\/de\/privacy-policy\/","title":{"rendered":"Datenschutzerkl\u00e4rung"},"content":{"rendered":"\t\t<div data-elementor-type=\"wp-page\" data-elementor-id=\"3\" class=\"elementor elementor-3\" data-elementor-post-type=\"page\">\n\t\t\t\t<div class=\"elementor-element elementor-element-privacyroot1 e-con-full e-flex e-con e-parent\" data-id=\"privacyroot1\" data-element_type=\"container\" data-e-type=\"container\">\n\t\t\t\t<div class=\"elementor-element elementor-element-privacyhtml1 elementor-widget elementor-widget-html\" data-id=\"privacyhtml1\" data-element_type=\"widget\" data-e-type=\"widget\" data-widget_type=\"html.default\">\n\t\t\t\t\t<div class=\"eigenwill-blog\">\n\t<header class=\"eigenwill-home__header\">\n\t\t<a href=\"\/\"><img decoding=\"async\" src=\"\/wp-content\/uploads\/2025\/08\/logo-scaled.webp\" alt=\"EIGENWILL\" style=\"height: 20px; width: auto; display: block;\"><\/a>\n\t\t<nav class=\"eigenwill-home__nav\">\n\t\t\t<a class=\"eigenwill-home__navlink\" href=\"\/#about\">About<\/a>\n\t\t\t<a class=\"eigenwill-home__navlink\" href=\"\/#music\">Music<\/a>\n\t\t\t<a class=\"eigenwill-home__navlink\" href=\"\/#join\">Contact<\/a>\n\t\t<\/nav>\n\t\t<div class=\"eigenwill-home__header-actions\">\n\t\t\t<a class=\"eigenwill-home__navlink\" href=\"#\" data-lang-toggle aria-label=\"Sprache wechseln\">DE<\/a>\n\t\t\t<a href=\"\/#join\" class=\"eigenwill-home__btn eigenwill-home__btn--primary eigenwill-home__btn--sm\">Join<\/a>\n\t\t<\/div>\n\t<\/header>\n\n\t<main class=\"eigenwill-blog__main\">\n\t\t<div class=\"eigenwill-blog__post-header\">\n\t\t\t<h1 class=\"eigenwill-blog__post-title\">Datenschutzerkl\u00e4rung<\/h1>\n\t\t<\/div>\n\t\t<div class=\"eigenwill-blog__post-content\">\n\t\t\t<p>Datenschutzerkl\u00e4rung<\/p>\n<p>Einleitung<\/p>\n<p>Wir, die Eigenwill GbR, nehmen den Schutz Ihrer pers\u00f6nlichen Daten sehr ernst und behandeln Ihre personenbezogenen Daten vertraulich und entsprechend der gesetzlichen Datenschutzvorschriften sowie dieser Datenschutzerkl\u00e4rung.<\/p>\n<p>\u00a0<\/p>\n<p>Nutzung der Website<\/p>\n<p>Sie k\u00f6nnen unsere Internetseiten grunds\u00e4tzlich ohne Offenlegung Ihrer Identit\u00e4t nutzen. Sollten Sie jedoch spezielle Dienstleistungen unserer Firma \u00fcber unsere Website in Anspruch nehmen wollen, k\u00f6nnte es notwendig sein, dass wir Ihre personenbezogenen Daten verarbeiten. Wenn keine gesetzliche Grundlage f\u00fcr diese Verarbeitung besteht, holen wir stets Ihre Einwilligung ein.<\/p>\n<p>\u00a0<\/p>\n<p>Datenschutzkonformit\u00e4t<\/p>\n<p>Die Verarbeitung Ihrer personenbezogenen Daten, wie z.B. Name, Anschrift, E-Mail-Adresse oder Telefonnummer, erfolgt stets in \u00dcbereinstimmung mit der Datenschutz-Grundverordnung (DSGVO) und den landesspezifischen Datenschutzbestimmungen, die f\u00fcr die Eigenwill GbR gelten.<\/p>\n<p>\u00a0<\/p>\n<p>Zweck der Datenverarbeitung<\/p>\n<p>Unser Unternehmen m\u00f6chte durch diese Erkl\u00e4rung Sie \u00fcber Art, Umfang und Zweck der gesammelten, genutzten und verarbeiteten personenbezogenen Daten informieren. Au\u00dferdem kl\u00e4ren wir Sie \u00fcber die Ihnen zustehenden Rechte auf.<\/p>\n<p>\u00a0<\/p>\n<p>Technische und organisatorische Ma\u00dfnahmen<\/p>\n<p>Wir haben umfassende technische und organisatorische Ma\u00dfnahmen implementiert, um einen m\u00f6glichst vollst\u00e4ndigen Schutz Ihrer \u00fcber unsere Website verarbeiteten Daten zu gew\u00e4hrleisten. Dennoch k\u00f6nnen Daten\u00fcbertragungen im Internet grunds\u00e4tzlich Sicherheitsl\u00fccken aufweisen. Daher steht es Ihnen frei, personenbezogene Daten alternativ auch auf anderen Wegen, z.B. telefonisch, an uns zu \u00fcbermitteln.<\/p>\n<p>\u00a0<\/p>\n<p>Definitionen<\/p>\n<p>Diese Datenschutzerkl\u00e4rung beruht auf den Begriffen, die durch den Europ\u00e4ischen Richtlinien- und Verordnungsgeber bei der Ausarbeitung der DSGVO verwendet wurden. Die Begrifflichkeiten sind so definiert:<\/p>\n<p>\u00a0<\/p>\n<ol>\n<li>Personenbezogene Daten<\/li>\n<\/ol>\n<p>Informationen, die sich auf eine identifizierte oder identifizierbare nat\u00fcrliche Person beziehen.<\/p>\n<p>\u00a0<\/p>\n<ol start=\"2\">\n<li>Betroffene Person<\/li>\n<\/ol>\n<p>Eine identifizierte oder identifizierbare nat\u00fcrliche Person, deren personenbezogene Daten verarbeitet werden.<\/p>\n<p>\u00a0<\/p>\n<ol start=\"3\">\n<li>Verarbeitung<\/li>\n<\/ol>\n<p>\u00a0\u00a0 Jeder Vorgang oder jede Vorgangsreihe im Zusammenhang mit personenbezogenen Daten, automatisiert oder nicht, wie z.B. das Erheben, Erfassen, Organisieren, Ordnen, Speichern, Anpassen, Auslesen, Abfragen, Verwenden, Offenlegen durch \u00dcbermittlung, Verbreiten oder eine andere Form der Bereitstellung.<\/p>\n<p>\u00a0<\/p>\n<ol start=\"4\">\n<li>Einschr\u00e4nkung der Verarbeitung<\/li>\n<\/ol>\n<p>Die Markierung gespeicherter personenbezogener Daten mit dem Ziel, ihre k\u00fcnftige Verarbeitung einzuschr\u00e4nken.<\/p>\n<ol start=\"5\">\n<li>Profiling<\/li>\n<\/ol>\n<p>Profiling bezeichnet jede Form der automatisierten Verarbeitung personenbezogener Daten, die dazu dient, bestimmte pers\u00f6nliche Aspekte, die sich auf eine nat\u00fcrliche Person beziehen, zu bewerten. Dies umfasst die Analyse oder Vorhersage von Aspekten wie Arbeitsleistung, wirtschaftliche Lage, Gesundheit, pers\u00f6nliche Vorlieben, Interessen, Zuverl\u00e4ssigkeit, Verhalten, Aufenthaltsort oder Bewegungen.<\/p>\n<p>\u00a0<\/p>\n<ol start=\"6\">\n<li>Pseudonymisierung<\/li>\n<\/ol>\n<p>Pseudonymisierung bedeutet die Verarbeitung personenbezogener Daten in einer Weise, dass diese Daten ohne Hinzuziehung zus\u00e4tzlicher Informationen nicht mehr einer spezifischen betroffenen Person zugeordnet werden k\u00f6nnen, vorausgesetzt, dass diese zus\u00e4tzlichen Informationen getrennt aufbewahrt werden und durch technische und organisatorische Ma\u00dfnahmen gesch\u00fctzt sind.<\/p>\n<p>\u00a0<\/p>\n<ol start=\"7\">\n<li>Verantwortlicher<\/li>\n<\/ol>\n<p>Verantwortlicher ist jede nat\u00fcrliche oder juristische Person, Beh\u00f6rde, Einrichtung oder andere Stelle, die allein oder gemeinsam mit anderen \u00fcber die Zwecke und Mittel der Verarbeitung von personenbezogenen Daten entscheidet. Falls durch Unionsrecht oder das Recht der Mitgliedstaaten festgelegt, k\u00f6nnen auch die Kriterien f\u00fcr die Benennung des Verantwortlichen bestimmt werden.<\/p>\n<p>\u00a0<\/p>\n<ol start=\"8\">\n<li>Auftragsverarbeiter\u00a0<\/li>\n<\/ol>\n<p>Auftragsverarbeiter ist eine nat\u00fcrliche oder juristische Person, Beh\u00f6rde, Einrichtung oder andere Stelle, die personenbezogene Daten im Auftrag des Verantwortlichen verarbeitet.<\/p>\n<p>\u00a0<\/p>\n<ol start=\"9\">\n<li>Empf\u00e4nger<\/li>\n<\/ol>\n<p>Empf\u00e4nger ist jede nat\u00fcrliche oder juristische Person, Beh\u00f6rde, Einrichtung oder andere Stelle, der personenbezogene Daten offengelegt werden, unabh\u00e4ngig davon, ob es sich um Dritte handelt oder nicht. Beh\u00f6rden, die im Rahmen eines bestimmten Untersuchungsauftrags m\u00f6glicherweise personenbezogene Daten erhalten, gelten nicht als Empf\u00e4nger.<\/p>\n<p>\u00a0<\/p>\n<ol start=\"10\">\n<li>Dritter<\/li>\n<\/ol>\n<p>Dritter ist jede nat\u00fcrliche oder juristische Person, Beh\u00f6rde, Einrichtung oder andere Stelle, die nicht die betroffene Person, der Verantwortliche, der Auftragsverarbeiter oder Personen sind, die unter der direkten Verantwortung des Verantwortlichen oder des Auftragsverarbeiters befugt sind, die Daten zu verarbeiten.<\/p>\n<p>\u00a0<\/p>\n<ol start=\"11\">\n<li>Einwilligung<\/li>\n<\/ol>\n<p>Einwilligung ist eine freiwillige, informierte und eindeutige Willensbekundung der betroffenen Person, mit der sie durch eine Erkl\u00e4rung oder eine andere eindeutige best\u00e4tigende Handlung ihre Zustimmung zur Verarbeitung der sie betreffenden personenbezogenen Daten f\u00fcr einen spezifischen Zweck gibt.<\/p>\n<p>\u00a0<\/p>\n<p>Name und Anschrift des f\u00fcr die Verarbeitung Verantwortlichen\u00a0<\/p>\n<p>Verantwortlicher im Sinne der Datenschutz-Grundverordnung und anderer Datenschutzgesetze in den Mitgliedstaaten der EU ist:<\/p>\n<p>\u00a0<\/p>\n<p>Eigenwill GbR<\/p>\n<p>E-Mail: contact@eigenwill.com\u00a0<\/p>\n<p>Website: https:\/\/www.eigenwill.com<\/p>\n<p>\u00a0<\/p>\n<ol start=\"3\">\n<li>Cookies<\/li>\n<\/ol>\n<p>\u00a0<\/p>\n<p>Die Internetseiten der Eigenwill GbR verwenden Cookies. Cookies sind Textdateien, die durch den Internetbrowser auf einem Computersystem abgelegt und gespeichert werden. Viele Internetseiten und Server nutzen Cookies, die eine eindeutige Cookie-ID enthalten. Diese eindeutige Kennung erm\u00f6glicht es, den individuellen Browser der betroffenen Person von anderen zu unterscheiden und ihn bei erneuten Zugriffen wiederzuerkennen.<\/p>\n<p>\u00a0<\/p>\n<p>Zweck und Nutzung von Cookies\u00a0<\/p>\n<p>Durch den Einsatz von Cookies verbessert die Eigenwill GbR die Nutzerfreundlichkeit unserer Website. Beispiele hierf\u00fcr sind das Speichern von Login-Daten, so dass sich Nutzer nicht bei jedem Besuch neu anmelden m\u00fcssen, oder die Funktion eines Warenkorbs in einem Online-Shop, der die ausgew\u00e4hlten Produkte des Nutzers speichert. Zus\u00e4tzlich verwenden wir Cookies, die eine Analyse des Surfverhaltens der Nutzer erm\u00f6glichen. Dabei werden Daten wie die Nutzung von Website-Funktionen pseudonymisiert erfasst, was bedeutet, dass keine direkte Zuordnung der Daten zum aufrufenden Nutzer mehr m\u00f6glich ist. Diese Daten werden nicht mit anderen pers\u00f6nlichen Informationen gespeichert.<\/p>\n<p>\u00a0<\/p>\n<p>Einwilligung und Kontrolle durch Nutzer\u00a0<\/p>\n<p>Bei Ihrem ersten Besuch auf unserer Website informieren wir Sie \u00fcber die Verwendung von Analyse-Cookies und bitten um Ihre Einwilligung zur Verarbeitung der damit verbundenen personenbezogenen Daten. Ein Verweis auf diese Datenschutzerkl\u00e4rung wird ebenfalls bereitgestellt. Die Rechtsgrundlage f\u00fcr die Verarbeitung von personenbezogenen Daten unter Verwendung von Cookies ist die Einwilligung des Nutzers gem\u00e4\u00df Art. 6 Abs. 1 lit. a DSGVO.<\/p>\n<p>\u00a0<\/p>\n<p>Nutzer k\u00f6nnen die Setzung von Cookies jederzeit durch eine entsprechende Einstellung des genutzten Browsers verhindern und gesetzte Cookies l\u00f6schen. Dies kann allerdings dazu f\u00fchren, dass nicht alle Funktionen unserer Website vollumf\u00e4nglich nutzbar sind.<\/p>\n<p>\u00a0<\/p>\n<ol start=\"4\">\n<li>Erfassung von allgemeinen Daten und Informationen<\/li>\n<\/ol>\n<p>\u00a0<\/p>\n<p>Bei jedem Aufruf unserer Website erfasst die Eigenwill GbR allgemeine Daten und Informationen, die in den Logfiles des Servers gespeichert werden. Zu diesen Daten geh\u00f6ren:<\/p>\n<p>\u00a0<\/p>\n<ol>\n<li>Browsertypen und Versionen,<\/li>\n<li>Betriebssystem des zugreifenden Systems,<\/li>\n<li>Die Internetseite, von der aus zugegriffen wird (Referrer),<\/li>\n<li>Unterwebseiten, die auf unserer Internetseite angesteuert werden,<\/li>\n<li>Datum und Uhrzeit des Zugriffs,<\/li>\n<li>Eine Internet-Protokoll-Adresse (IP-Adresse),<\/li>\n<li>Internet-Service-Provider des zugreifenden Systems,<\/li>\n<li>Sonstige \u00e4hnliche Daten und Informationen, die zur Gefahrenabwehr bei Angriffen auf unsere informationstechnologischen Systeme dienen.<\/li>\n<\/ol>\n<p>\u00a0<\/p>\n<p>Diese Daten und Informationen werden verwendet, um die Sicherheit unseres Angebots zu gew\u00e4hrleisten und um den reibungslosen Betrieb unserer Internetinfrastruktur zu garantieren. Diese anonymen Daten der Server-Logfiles werden getrennt von allen durch eine betroffene Person angegebenen personenbezogenen Daten gespeichert.<\/p>\n<p>\u00a0<\/p>\n<p>\u00a0<\/p>\n<ol start=\"5\">\n<li>SSL-Verschl\u00fcsselung<\/li>\n<\/ol>\n<p>\u00a0<\/p>\n<p>Um die Sicherheit Ihrer Daten w\u00e4hrend der \u00dcbertragung zu gew\u00e4hrleisten, nutzen wir moderne Verschl\u00fcsselungstechnologien wie SSL (Secure Socket Layer) \u00fcber HTTPS. Diese Technologie sch\u00fctzt Ihre Daten vor dem Zugriff durch Dritte, w\u00e4hrend sie an unsere Website \u00fcbermittelt werden.<\/p>\n<p>\u00a0<\/p>\n<ol start=\"6\">\n<li>Abonnement unseres Newsletters<\/li>\n<\/ol>\n<p>\u00a0<\/p>\n<p>Auf der Internetseite der Eigenwill GbR wird den Benutzern die M\u00f6glichkeit einger\u00e4umt, den Newsletter unseres Unternehmens zu abonnieren. Welche personenbezogenen Daten bei der Bestellung des Newsletters an den f\u00fcr die Verarbeitung Verantwortlichen \u00fcbermittelt werden, ergibt sich aus der hierzu verwendeten Eingabemaske.<\/p>\n<p>\u00a0<\/p>\n<p>Einsatz von Brevo:<\/p>\n<p>F\u00fcr den Versand unseres Newsletters nutzen wir \u201eBrevo\u201c (vormals Sendinblue), einen Dienst der Sendinblue SAS (Markenname: Brevo) mit Sitz in 17 rue de Salneuve, 75017 Paris, Frankreich. Brevo erm\u00f6glicht es uns nicht nur, den Newsletterversand durchzuf\u00fchren, sondern bietet auch M\u00f6glichkeiten zum Tracking des Nutzerverhaltens. Hierbei werden Daten wie das \u00d6ffnen des Newsletters und das Klicken auf Links erfasst, um unsere Kommunikation effektiv zu gestalten und besser auf die Bed\u00fcrfnisse unserer Abonnenten einzugehen.<\/p>\n<p>\u00a0<\/p>\n<p>Datenschutz und Datenverarbeitung bei Brevo:\u00a0<\/p>\n<p>Die von Ihnen zur Newsletter-Anmeldung eingegebenen Daten (wie E-Mail-Adresse, Name, IP-Adresse und Zeitpunkt der Anmeldung) werden auf den Servern von Brevo gespeichert. Brevo verwendet diese Informationen, um den Versand des Newsletters technisch umzusetzen und die Interaktionen mit dem Newsletter detailliert zu analysieren. Diese Analysen helfen uns, die Inhalte unserer Kommunikation stetig zu verbessern. Weitere Details zur Datenverarbeitung durch Brevo und Ihre Rechte in Bezug auf den Schutz Ihrer personenbezogenen Daten finden Sie in der Datenschutzerkl\u00e4rung von Brevo: [Brevo Datenschutzrichtlinie](https:\/\/www.brevo.com\/de\/legal\/privacypolicy\/).<\/p>\n<p>\u00a0<\/p>\n<p>Widerspruchs- und Abmeldem\u00f6glichkeit:\u00a0<\/p>\n<p>Sie haben das Recht, Ihre Einwilligung zur Speicherung der Daten, zur E-Mail-Adresse sowie deren Nutzung zum Versand des Newsletters jederzeit zu widerrufen, etwa \u00fcber den \u201eAustragen\u201c-Link im Newsletter. Nach Ihrer Abmeldung werden Ihre personenbezogenen Daten gel\u00f6scht, au\u00dfer jene Daten, die zur Erf\u00fcllung anderweitiger gesetzlicher Verpflichtungen erforderlich sind.<\/p>\n<p>\u00a0<\/p>\n<p>Datensicherheit:\u00a0<\/p>\n<p>Brevo ist nach ISO 27001:2022 zertifiziert, was hohe Standards im Datenschutz und der Datensicherheit best\u00e4tigt. Die Einhaltung der DSGVO und der Einsatz von Servern innerhalb der Europ\u00e4ischen Union garantieren, dass die Datenschutzstandards der EU beachtet werden.<\/p>\n<p>\u00a0<\/p>\n<ol start=\"7\">\n<li>Kontaktm\u00f6glichkeit \u00fcber die Internetseite<\/li>\n<\/ol>\n<p>\u00a0<\/p>\n<p>Die Internetseite der Eigenwill GbR enth\u00e4lt aufgrund von gesetzlichen Vorschriften Angaben, die eine schnelle elektronische Kontaktaufnahme zu unserem Unternehmen sowie eine unmittelbare Kommunikation mit uns erm\u00f6glichen, was ebenfalls eine allgemeine Adresse der sogenannten elektronischen Post (E-Mail-Adresse) umfasst.<\/p>\n<p>\u00a0<\/p>\n<ol start=\"8\">\n<li>Kommentarfunktion im Blog auf der Internetseite<\/li>\n<\/ol>\n<p>\u00a0<\/p>\n<p>Unser Blog auf der Website bietet Nutzern die M\u00f6glichkeit, individuelle Kommentare zu den Blog-Beitr\u00e4gen zu hinterlassen. Wenn Sie einen Kommentar im Blog hinterlassen, werden Ihr Kommentar, der Zeitpunkt der Kommentareingabe und der von Ihnen gew\u00e4hlte Nutzername (Pseudonym) gespeichert und ver\u00f6ffentlicht. Zudem protokollieren wir aus Sicherheitsgr\u00fcnden die IP-Adresse, die Ihr Internet-Service-Provider Ihnen zugewiesen hat. Diese Ma\u00dfnahme dient dem Schutz, falls durch einen Kommentar Rechte Dritter verletzt oder rechtswidrige Inhalte gepostet werden. Diese Daten werden nicht an Dritte weitergegeben, es sei denn, dies ist gesetzlich erforderlich oder dient der Rechtsverteidigung des Verantwortlichen.<\/p>\n<p>\u00a0<\/p>\n<ol start=\"9\">\n<li>Abonnement von Kommentaren im Blog auf der Internetseite<\/li>\n<\/ol>\n<p>\u00a0<\/p>\n<p>Kommentare im Blog k\u00f6nnen von Dritten abonniert werden. Wenn ein Nutzer Kommentare zu einem Blog-Beitrag abonniert, wird nach der Anmeldung eine automatische Best\u00e4tigungsmail verschickt, um mittels des Double-Opt-In-Verfahrens sicherzustellen, dass der Inhaber der angegebenen E-Mail-Adresse diese Option gew\u00e4hlt hat. Das Abonnement der Kommentare kann jederzeit beendet werden.<\/p>\n<p>\u00a0<\/p>\n<ol start=\"10\">\n<li>Routinem\u00e4\u00dfige L\u00f6schung und Sperrung von personenbezogenen Daten<\/li>\n<\/ol>\n<p>\u00a0<\/p>\n<p>Die personenbezogenen Daten werden nur so lange gespeichert, wie es der Zweck der Speicherung erfordert, oder dies durch gesetzliche Bestimmungen, die der Verantwortliche zu folgen hat, vorgesehen ist. Wenn der Speicherungszweck entf\u00e4llt oder eine gesetzliche Speicherfrist abl\u00e4uft, werden die Daten routinem\u00e4\u00dfig gesperrt oder gel\u00f6scht. Personenbezogene Daten werden sp\u00e4testens nach 18 Monaten gel\u00f6scht, falls keine gesetzlichen Aufbewahrungsfristen entgegenstehen.<\/p>\n<p>\u00a0<\/p>\n<ol start=\"11\">\n<li>Rechte der betroffenen Person<\/li>\n<\/ol>\n<p>\u00a0<\/p>\n<p>1) Recht auf Best\u00e4tigung\u00a0<\/p>\n<p>Jede betroffene Person hat das Recht, vom Verantwortlichen eine Best\u00e4tigung dar\u00fcber zu verlangen, ob sie betreffende personenbezogene Daten verarbeitet werden. Dieses Recht kann jederzeit wahrgenommen werden.<\/p>\n<p>\u00a0<\/p>\n<p>2) Recht auf Auskunft\u00a0<\/p>\n<p>Jede betroffene Person hat das Recht, unentgeltliche Auskunft \u00fcber ihre gespeicherten personenbezogenen Daten zu erhalten sowie eine Kopie dieser Daten zu verlangen. Zus\u00e4tzlich sind folgende Informationen verf\u00fcgbar:<\/p>\n<p>\u00a0\u00a0 \u2013 Die Verarbeitungszwecke<\/p>\n<p>\u00a0\u00a0 \u2013 Die Kategorien personenbezogener Daten, die verarbeitet werden<\/p>\n<p>\u00a0\u00a0 \u2013 Die Empf\u00e4nger oder Kategorien von Empf\u00e4ngern, denen die Daten offengelegt wurden oder noch offengelegt werden<\/p>\n<p>\u00a0\u00a0 \u2013 Die geplante Dauer, f\u00fcr die die personenbezogenen Daten gespeichert werden, oder, falls dies nicht m\u00f6glich ist, die Kriterien f\u00fcr die Festlegung dieser Dauer<\/p>\n<p>\u00a0\u00a0 \u2013 Das Bestehen eines Rechts auf Berichtigung, L\u00f6schung, Einschr\u00e4nkung der Verarbeitung oder Widerspruch gegen solche Verarbeitung<\/p>\n<p>\u00a0\u00a0 \u2013 Das Bestehen eines Beschwerderechts bei einer Aufsichtsbeh\u00f6rde<\/p>\n<p>\u00a0\u00a0 \u2013 Alle verf\u00fcgbaren Informationen \u00fcber die Herkunft der Daten, falls die personenbezogenen Daten nicht bei der betroffenen Person erhoben werden.<\/p>\n<p>\u00a0<\/p>\n<p>\u00a0<\/p>\n<p>3) Recht auf Berichtigung\u00a0<\/p>\n<p>Jede betroffene Person hat das Recht, die unverz\u00fcgliche Berichtigung sie betreffender unrichtiger personenbezogener Daten zu verlangen. Zudem besteht das Recht, die Vervollst\u00e4ndigung unvollst\u00e4ndiger personenbezogener Daten \u2013 auch mittels einer erg\u00e4nzenden Erkl\u00e4rung \u2013 zu fordern, sofern dies unter Ber\u00fccksichtigung der Zwecke der Verarbeitung angemessen ist. Wenn Sie dieses Recht in Anspruch nehmen m\u00f6chten, k\u00f6nnen Sie sich jederzeit an einen unserer Mitarbeiter wenden.<\/p>\n<p>\u00a0<\/p>\n<p>4) Recht auf L\u00f6schung (Recht auf Vergessenwerden)\u00a0<\/p>\n<p>Jede betroffene Person hat das Recht, die L\u00f6schung ihrer personenbezogenen Daten zu verlangen, sofern einer der folgenden Gr\u00fcnde zutrifft:<\/p>\n<p>\u2013 Die Daten sind f\u00fcr die Zwecke, f\u00fcr die sie erhoben oder auf andere Weise verarbeitet wurden, nicht mehr notwendig.<\/p>\n<p>\u2013 Die betroffene Person widerruft ihre Einwilligung, die die Basis f\u00fcr die Verarbeitung bildete, und es gibt keine andere Rechtsgrundlage f\u00fcr die Verarbeitung.<\/p>\n<p>\u2013 Die betroffene Person legt Widerspruch gegen die Verarbeitung ein und es gibt keine vorrangigen berechtigten Gr\u00fcnde f\u00fcr die Verarbeitung, oder sie legt Widerspruch gegen die Verarbeitung im Rahmen von Direktmarketing-Ma\u00dfnahmen ein.<\/p>\n<p>\u2013 Die personenbezogenen Daten wurden unrechtm\u00e4\u00dfig verarbeitet.<\/p>\n<p>\u2013 Die L\u00f6schung der personenbezogenen Daten ist zur Erf\u00fcllung einer rechtlichen Verpflichtung erforderlich, die sich aus dem Unionsrecht oder dem Recht der Mitgliedstaaten ergibt, dem der Verantwortliche unterliegt.<\/p>\n<p>\u2013 Die personenbezogenen Daten wurden im Zusammenhang mit Diensten der Informationsgesellschaft, die Kindern angeboten werden, erhoben.<\/p>\n<p>\u00a0<\/p>\n<p>5) Recht auf Einschr\u00e4nkung der Verarbeitung<\/p>\n<p>\u00a0<\/p>\n<p>Jede betroffene Person hat das Recht, von der Eigenwill GbR die Einschr\u00e4nkung der Verarbeitung ihrer personenbezogenen Daten zu verlangen, wenn eine der folgenden Bedingungen zutrifft:<\/p>\n<p>\u00a0<\/p>\n<p>\u2013 Bestreiten der Richtigkeit: Die Richtigkeit der personenbezogenen Daten wird von der betroffenen Person bestritten, f\u00fcr eine Dauer, die es dem Verantwortlichen erm\u00f6glicht, die Richtigkeit der Daten zu \u00fcberpr\u00fcfen.<\/p>\n<p>\u2013 Unrechtm\u00e4\u00dfige Verarbeitung: Die Verarbeitung ist unrechtm\u00e4\u00dfig und die betroffene Person lehnt die L\u00f6schung der personenbezogenen Daten ab und verlangt stattdessen die Einschr\u00e4nkung ihrer Nutzung.<\/p>\n<p>\u2013 Kein Bedarf mehr beim Verantwortlichen: Der Verantwortliche ben\u00f6tigt die personenbezogenen Daten f\u00fcr die Zwecke der Verarbeitung nicht l\u00e4nger, die betroffene Person ben\u00f6tigt sie jedoch zur Geltendmachung, Aus\u00fcbung oder Verteidigung von Rechtsanspr\u00fcchen.<\/p>\n<p>\u2013 Widerspruch gegen die Verarbeitung: Die betroffene Person hat Widerspruch gegen die Verarbeitung gem\u00e4\u00df Art. 21 Abs. 1 DSGVO eingelegt und es steht noch nicht fest, ob die berechtigten Gr\u00fcnde des Verantwortlichen gegen\u00fcber denen der betroffenen Person \u00fcberwiegen.<\/p>\n<p>\u00a0<\/p>\n<p>Sofern eine der oben genannten Bedingungen zutrifft, kann die betroffene Person die Einschr\u00e4nkung von personenbezogenen Daten, die bei der Eigenwill GbR gespeichert sind, verlangen, indem sie sich an einen Mitarbeiter des Unternehmens wendet. Der Mitarbeiter wird die notwendigen Schritte zur Einschr\u00e4nkung der Verarbeitung einleiten.<\/p>\n<p>\u00a0<\/p>\n<p>6) Recht auf Daten\u00fcbertragbarkeit<\/p>\n<p>\u00a0<\/p>\n<p>Jede betroffene Person hat das Recht, die sie betreffenden personenbezogenen Daten, die sie der Eigenwill GbR bereitgestellt hat, in einem strukturierten, g\u00e4ngigen und maschinenlesbaren Format zu erhalten. Dies umfasst auch das Recht, diese Daten ohne Behinderung durch die Eigenwill GbR an einen anderen Verantwortlichen zu \u00fcbermitteln, sofern:<\/p>\n<p>\u00a0<\/p>\n<p>\u2013 die Verarbeitung auf einer Einwilligung gem\u00e4\u00df Art. 6 Abs. 1 Buchstabe a DSGVO oder Art. 9 Abs. 2 Buchstabe a DSGVO beruht oder auf einem Vertrag gem\u00e4\u00df Art. 6 Abs. 1 Buchstabe b DSGVO;<\/p>\n<p>\u2013 die Verarbeitung mithilfe automatisierter Verfahren erfolgt.<\/p>\n<p>\u00a0<\/p>\n<p>Zudem hat die betroffene Person das Recht, zu erwirken, dass die personenbezogenen Daten direkt von einem Verantwortlichen an einen anderen Verantwortlichen \u00fcbermittelt werden, soweit dies technisch machbar ist und sofern dadurch nicht die Rechte und Freiheiten anderer Personen beeintr\u00e4chtigt werden.<\/p>\n<p>\u00a0<\/p>\n<p>Zur Aus\u00fcbung des Rechts auf Daten\u00fcbertragbarkeit kann sich die betroffene Person jederzeit an einen Mitarbeiter der Eigenwill GbR wenden.<\/p>\n<p>\u00a0<\/p>\n<p>\u00a0<\/p>\n<p>7) Recht auf Widerspruch<\/p>\n<p>\u00a0<\/p>\n<p>Jede betroffene Person hat das Recht, jederzeit aus Gr\u00fcnden, die sich aus ihrer besonderen Situation ergeben, gegen die Verarbeitung ihrer personenbezogenen Daten, die aufgrund von Art. 6 Abs. 1 Buchstaben e oder f DSGVO erfolgt, Widerspruch einzulegen. Dies betrifft auch das Profiling, das auf diesen Bestimmungen beruht. Wenn die Eigenwill GbR keine zwingenden schutzw\u00fcrdigen Gr\u00fcnde f\u00fcr die Verarbeitung nachweisen kann, die die Interessen, Rechte und Freiheiten der betroffenen Person \u00fcberwiegen, oder die Verarbeitung dient nicht der Geltendmachung, Aus\u00fcbung oder Verteidigung von Rechtsanspr\u00fcchen, werden die Daten nicht weiter verarbeitet.<\/p>\n<p>\u00a0<\/p>\n<p>Verarbeitet die Eigenwill GbR personenbezogene Daten zum Zweck der Direktwerbung, hat die betroffene Person das Recht, jederzeit Widerspruch gegen die Verarbeitung der personenbezogenen Daten zum Zwecke solcher Werbung einzulegen, dies gilt auch f\u00fcr das Profiling, soweit es mit solcher Direktwerbung in Verbindung steht. Im Falle des Widerspruchs wird die Eigenwill GbR die personenbezogenen Daten nicht mehr f\u00fcr diese Zwecke verarbeiten.<\/p>\n<p>\u00a0<\/p>\n<p>Zudem kann die betroffene Person aus Gr\u00fcnden, die sich aus ihrer besonderen Situation ergeben, gegen die Verarbeitung ihrer personenbezogenen Daten, die zu wissenschaftlichen, historischen Forschungszwecken oder zu statistischen Zwecken gem\u00e4\u00df Art. 89 Abs. 1 DSGVO erfolgen, Widerspruch einlegen, es sei denn, die Verarbeitung ist zur Erf\u00fcllung einer im \u00f6ffentlichen Interesse liegenden Aufgabe erforderlich.<\/p>\n<p>\u00a0<\/p>\n<p>8) Automatisierte Entscheidungen im Einzelfall einschlie\u00dflich Profiling<\/p>\n<p>\u00a0<\/p>\n<p>Jede betroffene Person hat das Recht, nicht einer ausschlie\u00dflich auf automatisierter Verarbeitung beruhenden Entscheidung unterworfen zu werden, die ihr gegen\u00fcber rechtliche Wirkung entfaltet oder sie erheblich beeintr\u00e4chtigt. Dies gilt, sofern die Entscheidung nicht f\u00fcr den Abschluss oder die Erf\u00fcllung eines Vertrags zwischen der betroffenen Person und dem Verantwortlichen erforderlich ist, nicht ausdr\u00fccklich von der betroffenen Person eingewilligt wurde oder nicht auf Rechtsvorschriften der EU oder der Mitgliedstaaten beruht, die angemessene Ma\u00dfnahmen zum Schutz der Rechte und Freiheiten sowie der berechtigten Interessen der betroffenen Person vorsehen.<\/p>\n<p>\u00a0<\/p>\n<p>Wenn die Entscheidung f\u00fcr den Vertragsabschluss oder die Vertragserf\u00fcllung erforderlich ist oder auf einer Einwilligung beruht, ergreift die Eigenwill GbR Ma\u00dfnahmen, um die Rechte und Freiheiten sowie die berechtigten Interessen der betroffenen Person zu sch\u00fctzen, einschlie\u00dflich des Rechts auf menschliches Eingreifen seitens des Verantwortlichen, um den eigenen Standpunkt darzulegen und die Entscheidung anzufechten.<\/p>\n<p>\u00a0<\/p>\n<p>9) Recht auf Widerruf einer datenschutzrechtlichen Einwilligung<\/p>\n<p>\u00a0<\/p>\n<p>Jede betroffene Person hat das Recht, eine einmal erteilte Einwilligung zur Verarbeitung ihrer personenbezogenen Daten jederzeit zu widerrufen. Dieser Widerruf beeinflusst die Rechtm\u00e4\u00dfigkeit der aufgrund der Einwilligung bis zum Widerruf erfolgten Verarbeitung nicht.<\/p>\n<p>\u00a0<\/p>\n<p>Zur Aus\u00fcbung des Rechts auf Widerruf der Einwilligung kann sich die betroffene Person jederzeit an einen Mitarbeiter der Eigenwill GbR wenden. Die Kontaktdaten finden sich \u00fcblicherweise im Impressum der Webseite.<\/p>\n<p>\u00a0<\/p>\n<p>\u00a0<\/p>\n<p>\u00a0<\/p>\n<ol start=\"12\">\n<li>Verwendung von Google Analytics<\/li>\n<\/ol>\n<p>\u00a0<\/p>\n<p>Diese Website verwendet Google Analytics, einen Webanalysedienst der Google Inc. (folgend: Google). Google Analytics setzt Cookies ein, also Textdateien, die auf Ihrem Computer gespeichert werden und die Analyse Ihrer Nutzung der Website erm\u00f6glichen. Die durch das Cookie erzeugten Informationen \u00fcber Ihre Benutzung dieser Website werden normalerweise an einen Server von Google in den USA \u00fcbertragen und dort gespeichert. Auf dieser Website ist jedoch die IP-Anonymisierung aktiviert, was bedeutet, dass Ihre IP-Adresse von Google innerhalb der Mitgliedstaaten der Europ\u00e4ischen Union oder in anderen Vertragsstaaten des Abkommens \u00fcber den Europ\u00e4ischen Wirtschaftsraum vorab gek\u00fcrzt wird. Nur in Ausnahmef\u00e4llen wird die volle IP-Adresse an einen Server von Google in den USA \u00fcbertragen und dort gek\u00fcrzt.<\/p>\n<p>\u00a0<\/p>\n<p>Zweck der Datenverarbeitung\u00a0<\/p>\n<p>Google wird diese Informationen benutzen, um Ihre Nutzung der Website auszuwerten, Reports \u00fcber die Websiteaktivit\u00e4ten zu erstellen und weitere mit der Websitenutzung sowie der Internetnutzung verbundene Dienstleistungen gegen\u00fcber dem Webseitenbetreiber zu erbringen. Die von Ihrem Browser im Rahmen von Google Analytics \u00fcbermittelte IP-Adresse wird nicht mit anderen Daten von Google zusammengef\u00fchrt. Die Datenverarbeitung dient dem berechtigten Interesse des Webseitenbetreibers an der Analyse der Nutzerinteraktion und -verhalten.<\/p>\n<p>\u00a0<\/p>\n<p>Widerspruchsm\u00f6glichkeiten und Kontrolle durch Nutzer\u00a0<\/p>\n<p>Sie k\u00f6nnen die Speicherung der Cookies durch eine entsprechende Einstellung Ihrer Browser-Software verhindern. Bitte beachten Sie jedoch, dass Sie in diesem Fall m\u00f6glicherweise nicht alle Funktionen dieser Website vollumf\u00e4nglich nutzen k\u00f6nnen. Zus\u00e4tzlich k\u00f6nnen Sie die Erfassung der durch das Cookie erzeugten und auf Ihre Nutzung der Website bezogenen Daten (inklusive Ihrer IP-Adresse) an Google sowie die Verarbeitung dieser Daten durch Google verhindern, indem Sie das unter dem folgenden Link verf\u00fcgbare Browser-Plugin herunterladen und installieren: [Browser Add-On zur Deaktivierung von Google Analytics](https:\/\/tools.google.com\/dlpage\/gaoptout).<\/p>\n<p>\u00a0<\/p>\n<p>Alternativ oder zus\u00e4tzlich zum Browser-Add-On k\u00f6nnen Sie das Tracking durch Google Analytics auf unseren Seiten blockieren, indem Sie [diesen Link](#) anklicken. Dabei wird ein Opt-Out-Cookie auf Ihrem Ger\u00e4t installiert. Dies verhindert die Erfassung durch Google Analytics f\u00fcr diese Website und f\u00fcr diesen Browser in der Zukunft, solange das Cookie in Ihrem Browser installiert bleibt.<\/p>\n<p>\u00a0<\/p>\n<ol start=\"13\">\n<li>Social Media Plug-ins<\/li>\n<\/ol>\n<p>\u00a0<\/p>\n<p>Auf unseren Webseiten werden Social Plugins verschiedener sozialer Netzwerke verwendet, die Sie an den entsprechenden Logos erkennen k\u00f6nnen. Die Plugins sind standardm\u00e4\u00dfig deaktiviert, um eine unbewusste \u00dcbertragung von Daten an die Diensteanbieter zu verhindern. Sie m\u00fcssen aktiv durch einen Klick auf den entsprechenden Schalter von Ihnen aktiviert werden, bevor eine Verbindung zum Netzwerk hergestellt und Daten \u00fcbertragen werden.<\/p>\n<p>\u00a0<\/p>\n<p>Daten\u00fcbertragung bei Aktivierung: Erst wenn Sie ein Plugin aktivieren, werden Informationen \u2013 m\u00f6glicherweise auch personenbezogene Daten \u2013 an den Diensteanbieter gesendet und dort verarbeitet. Wir haben keinen Einfluss darauf, welche Daten das Plugin erfasst und wie diese durch den Anbieter verwendet werden. Es ist m\u00f6glich, dass mindestens Ihre IP-Adresse und ger\u00e4tebezogene Informationen erfasst werden. Wir empfehlen, die Datenschutzhinweise der jeweiligen Anbieter zu konsultieren:<\/p>\n<p>\u00a0<\/p>\n<p>\u2013 Facebook: [Datenschutzhinweise von Facebook](https:\/\/www.facebook.com\/about\/privacy\/)<\/p>\n<p>\u2013 Instagram: [Datenschutzhinweise von Instagram](https:\/\/help.instagram.com\/519522125107875)<\/p>\n<p>\u2013 YouTube: [Datenschutzhinweise von YouTube](https:\/\/policies.google.com\/privacy?hl=de)<\/p>\n<p>\u2013 Spotify: [Datenschutzhinweise von Spotify](https:\/\/www.spotify.com\/legal\/privacy-policy\/)<\/p>\n<p>\u00a0<\/p>\n<ol start=\"14\">\n<li>Rechtsgrundlage der Verarbeitung<\/li>\n<\/ol>\n<p>\u00a0<\/p>\n<p>Die Verarbeitung Ihrer personenbezogenen Daten erfolgt auf folgender Rechtsgrundlage:<\/p>\n<p>\u2013 Art. 6 Abs. 1 lit. a DSGVO: Einholung einer Einwilligung f\u00fcr spezifische Verarbeitungszwecke.<\/p>\n<p>\u2013 Art. 6 Abs. 1 lit. b DSGVO: Notwendigkeit der Verarbeitung zur Erf\u00fcllung eines Vertrags oder zur Durchf\u00fchrung vorvertraglicher Ma\u00dfnahmen.<\/p>\n<p>\u2013 Art. 6 Abs. 1 lit. c DSGVO: Erf\u00fcllung einer rechtlichen Verpflichtung.<\/p>\n<p>\u2013 Art. 6 Abs. 1 lit. d DSGVO: Schutz lebenswichtiger Interessen der betroffenen Person oder einer anderen nat\u00fcrlichen Person.<\/p>\n<p>\u2013 Art. 6 Abs. 1 lit. f DSGVO: Verarbeitung zur Wahrung berechtigter Interessen, sofern nicht die Interessen oder Grundrechte und Grundfreiheiten der betroffenen Person \u00fcberwiegen. Dies k\u00f6nnte der Fall sein, wenn die betroffene Person Kunde ist (Erw\u00e4gungsgrund 47 Satz 2 DSGVO).<\/p>\n<p>\u00a0<\/p>\n<ol start=\"15\">\n<li>Berechtigte Interessen an der Verarbeitung, die von dem Verantwortlichen oder einem Dritten verfolgt werden<\/li>\n<\/ol>\n<p>\u00a0<\/p>\n<p>Unser berechtigtes Interesse an der Verarbeitung personenbezogener Daten basiert auf dem Ziel, unsere Gesch\u00e4ftst\u00e4tigkeiten effektiv auszuf\u00fchren und das Wohl unserer Mitarbeiter und Anteilseigner zu f\u00f6rdern. Dies umfasst, aber beschr\u00e4nkt sich nicht auf, die Verbesserung unserer Dienstleistungen, die Gew\u00e4hrleistung der Sicherheit unseres Netzwerks und unserer Informationen sowie die Durchf\u00fchrung von Marketing- und Werbema\u00dfnahmen.<\/p>\n<h2 class=\"text-text-100 mt-3 -mb-1 text-[1.125rem] font-bold\">16. Eigenwill Postiz \u2014 TikTok Integration<\/h2>\n<p class=\"font-claude-response-body break-words whitespace-normal leading-[1.7]\"><strong>Deutsch<\/strong><\/p>\n<p class=\"font-claude-response-body break-words whitespace-normal leading-[1.7]\">Eigenwill GbR betreibt die Anwendung <strong>Eigenwill Postiz<\/strong>, ein internes Tool zur Verwaltung und Planung von Inhalten auf sozialen Netzwerken. Im Rahmen dieser Anwendung nutzen wir die TikTok API, um Videoinhalte auf dem TikTok-Konto von Eigenwill zu ver\u00f6ffentlichen.<\/p>\n<p class=\"font-claude-response-body break-words whitespace-normal leading-[1.7]\"><strong>Welche Daten werden verarbeitet?<\/strong><\/p>\n<p class=\"font-claude-response-body break-words whitespace-normal leading-[1.7]\">Eigenwill Postiz greift \u00fcber die TikTok API auf folgende Berechtigungen zu:<\/p>\n<ul class=\"[li_&amp;]:mb-0 [li_&amp;]:mt-1 [li_&amp;]:gap-1 [&amp;:not(:last-child)_ul]:pb-1 [&amp;:not(:last-child)_ol]:pb-1 list-disc flex flex-col gap-1 pl-8 mb-3\">\n<li class=\"font-claude-response-body whitespace-normal break-words pl-2\"><code class=\"bg-text-200\/5 border border-0.5 border-border-300 text-danger-000 whitespace-pre-wrap rounded-[0.4rem] px-1 py-px text-[0.9rem]\">user.info.basic<\/code> \u2014 Grundlegende Profilinformationen des verkn\u00fcpften TikTok-Kontos (Anzeigename, Konto-ID)<\/li>\n<li class=\"font-claude-response-body whitespace-normal break-words pl-2\"><code class=\"bg-text-200\/5 border border-0.5 border-border-300 text-danger-000 whitespace-pre-wrap rounded-[0.4rem] px-1 py-px text-[0.9rem]\">user.info.profile<\/code> \u2014 Erweiterte Profilinformationen (Profilbild, Follower-Anzahl)<\/li>\n<li class=\"font-claude-response-body whitespace-normal break-words pl-2\"><code class=\"bg-text-200\/5 border border-0.5 border-border-300 text-danger-000 whitespace-pre-wrap rounded-[0.4rem] px-1 py-px text-[0.9rem]\">video.upload<\/code> \u2014 Hochladen von Videodateien auf TikTok<\/li>\n<li class=\"font-claude-response-body whitespace-normal break-words pl-2\"><code class=\"bg-text-200\/5 border border-0.5 border-border-300 text-danger-000 whitespace-pre-wrap rounded-[0.4rem] px-1 py-px text-[0.9rem]\">video.publish<\/code> \u2014 Ver\u00f6ffentlichung von Videos auf dem Eigenwill-TikTok-Kanal<\/li>\n<\/ul>\n<p class=\"font-claude-response-body break-words whitespace-normal leading-[1.7]\"><strong>Zweck der Verarbeitung<\/strong><\/p>\n<p class=\"font-claude-response-body break-words whitespace-normal leading-[1.7]\">Diese Berechtigungen werden ausschlie\u00dflich genutzt, um Eigenwill-Musikvideos und -Inhalte auf dem offiziellen TikTok-Kanal von Eigenwill zu ver\u00f6ffentlichen. Es findet keine Verarbeitung von Daten Dritter statt.<\/p>\n<p class=\"font-claude-response-body break-words whitespace-normal leading-[1.7]\"><strong>Datenspeicherung<\/strong><\/p>\n<p class=\"font-claude-response-body break-words whitespace-normal leading-[1.7]\">Authentifizierungstoken der TikTok API werden sicher auf einem selbst betriebenen Server gespeichert und nicht an Dritte weitergegeben. Es werden keine pers\u00f6nlichen Daten von TikTok-Nutzern gespeichert oder verarbeitet.<\/p>\n<p class=\"font-claude-response-body break-words whitespace-normal leading-[1.7]\"><strong>Kontakt<\/strong><\/p>\n<p class=\"font-claude-response-body break-words whitespace-normal leading-[1.7]\">F\u00fcr Fragen zur Verarbeitung Ihrer Daten durch Eigenwill Postiz wenden Sie sich bitte an: <a class=\"underline underline underline-offset-2 decoration-1 decoration-current\/40 hover:decoration-current focus:decoration-current\" href=\"mailto:contact@eigenwill.com\">contact@eigenwill.com<\/a><\/p>\n<hr class=\"border-border-200 border-t-0.5 my-3 mx-1.5\" \/>\n<p class=\"font-claude-response-body break-words whitespace-normal leading-[1.7]\"><strong>English<\/strong><\/p>\n<p class=\"font-claude-response-body break-words whitespace-normal leading-[1.7]\">Eigenwill GbR operates the application <strong>Eigenwill Postiz<\/strong>, an internal tool for managing and scheduling content on social media platforms. As part of this application, we use the TikTok API to publish video content on the Eigenwill TikTok account.<\/p>\n<p class=\"font-claude-response-body break-words whitespace-normal leading-[1.7]\"><strong>What data is processed?<\/strong><\/p>\n<p class=\"font-claude-response-body break-words whitespace-normal leading-[1.7]\">Eigenwill Postiz accesses the following permissions via the TikTok API:<\/p>\n<ul class=\"[li_&amp;]:mb-0 [li_&amp;]:mt-1 [li_&amp;]:gap-1 [&amp;:not(:last-child)_ul]:pb-1 [&amp;:not(:last-child)_ol]:pb-1 list-disc flex flex-col gap-1 pl-8 mb-3\">\n<li class=\"font-claude-response-body whitespace-normal break-words pl-2\"><code class=\"bg-text-200\/5 border border-0.5 border-border-300 text-danger-000 whitespace-pre-wrap rounded-[0.4rem] px-1 py-px text-[0.9rem]\">user.info.basic<\/code> \u2014 Basic profile information of the connected TikTok account (display name, account ID)<\/li>\n<li class=\"font-claude-response-body whitespace-normal break-words pl-2\"><code class=\"bg-text-200\/5 border border-0.5 border-border-300 text-danger-000 whitespace-pre-wrap rounded-[0.4rem] px-1 py-px text-[0.9rem]\">user.info.profile<\/code> \u2014 Extended profile information (profile picture, follower count)<\/li>\n<li class=\"font-claude-response-body whitespace-normal break-words pl-2\"><code class=\"bg-text-200\/5 border border-0.5 border-border-300 text-danger-000 whitespace-pre-wrap rounded-[0.4rem] px-1 py-px text-[0.9rem]\">video.upload<\/code> \u2014 Uploading video files to TikTok<\/li>\n<li class=\"font-claude-response-body whitespace-normal break-words pl-2\"><code class=\"bg-text-200\/5 border border-0.5 border-border-300 text-danger-000 whitespace-pre-wrap rounded-[0.4rem] px-1 py-px text-[0.9rem]\">video.publish<\/code> \u2014 Publishing videos on the Eigenwill TikTok channel<\/li>\n<\/ul>\n<p class=\"font-claude-response-body break-words whitespace-normal leading-[1.7]\"><strong>Purpose of processing<\/strong><\/p>\n<p class=\"font-claude-response-body break-words whitespace-normal leading-[1.7]\">These permissions are used solely to publish Eigenwill music videos and content on the official Eigenwill TikTok channel. No data belonging to third parties is processed.<\/p>\n<p class=\"font-claude-response-body break-words whitespace-normal leading-[1.7]\"><strong>Data storage<\/strong><\/p>\n<p class=\"font-claude-response-body break-words whitespace-normal leading-[1.7]\">TikTok API authentication tokens are stored securely on a self-operated server and are not shared with third parties. No personal data of TikTok users is stored or processed.<\/p>\n<p class=\"font-claude-response-body break-words whitespace-normal leading-[1.7]\"><strong>Contact<\/strong><\/p>\n<p class=\"font-claude-response-body break-words whitespace-normal leading-[1.7]\">For questions regarding the processing of your data by Eigenwill Postiz, please contact: <a class=\"underline underline underline-offset-2 decoration-1 decoration-current\/40 hover:decoration-current focus:decoration-current\" href=\"mailto:contact@eigenwill.com\">contact@eigenwill.com<\/a><\/p>\n\t\t<\/div>\n\t<\/main>\n\n\t<footer class=\"eigenwill-home__footer\">\n\t\t<div class=\"eigenwill-home__footer-row\">\n\t\t\t<img decoding=\"async\" src=\"\/wp-content\/uploads\/2025\/08\/logo-scaled.webp\" alt=\"EIGENWILL\" style=\"height: 18px; width: auto; display: block;\">\n\t\t\t<nav class=\"eigenwill-home__footer-nav\">\n\t\t\t\t<a class=\"eigenwill-home__navlink\" href=\"\/#about\">About<\/a>\n\t\t\t\t<a class=\"eigenwill-home__navlink\" href=\"\/#music\">Music<\/a>\n\t\t\t\t<a class=\"eigenwill-home__navlink\" href=\"\/#join\">Contact<\/a>\n\t\t\t\t<a class=\"eigenwill-home__navlink\" href=\"\/\">Home<\/a>\n\t\t\t<\/nav>\n\t\t\t<div class=\"eigenwill-home__footer-social\">\n\t\t\t\t<a class=\"eigenwill-home__social\" href=\"https:\/\/www.instagram.com\/eigenwill\/\" target=\"_blank\" rel=\"noopener\">Instagram<\/a>\n\t\t\t\t<a class=\"eigenwill-home__social\" href=\"https:\/\/www.tiktok.com\/@eigenwill\" target=\"_blank\" rel=\"noopener\">Tiktok<\/a>\n\t\t\t\t<a class=\"eigenwill-home__social\" href=\"https:\/\/www.youtube.com\/@eigenwill\" target=\"_blank\" rel=\"noopener\">Youtube<\/a>\n\t\t\t\t\n\t\t\t<\/div>\n\t\t<\/div>\n\t\t<div class=\"eigenwill-home__footer-row eigenwill-home__footer-row--legal\">\n\t\t\t<span class=\"eigenwill-home__copyright\">&copy; 2026 Eigenwill. Thanks for visiting!<\/span>\n\t\t\t<div class=\"eigenwill-home__footer-legal\">\n\t\t\t\t<a class=\"eigenwill-home__legal\" href=\"\/privacy-policy\/\">Your Privacy Matters<\/a>\n\t\t\t\t<a class=\"eigenwill-home__legal\" href=\"\/terms-of-service\/\">Our Terms for You<\/a>\n\t\t\t\t<span class=\"eigenwill-home__legal\" title=\"Link folgt\">Manage Cookies<\/span>\n\t\t\t<\/div>\n\t\t<\/div>\n\t<\/footer>\n<\/div>\t\t\t\t<\/div>\n\t\t\t\t<\/div>\n\t\t\t\t<\/div>\n\t\t","protected":false},"excerpt":{"rendered":"<p>Datenschutzerkl\u00e4rung Einleitung Wir, die Eigenwill GbR, nehmen den Schutz Ihrer pers\u00f6nlichen Daten sehr ernst und behandeln Ihre personenbezogenen Daten vertraulich und entsprechend der gesetzlichen Datenschutzvorschriften sowie dieser Datenschutzerkl\u00e4rung. \u00a0 Nutzung der Website Sie k\u00f6nnen unsere Internetseiten grunds\u00e4tzlich ohne Offenlegung Ihrer Identit\u00e4t nutzen. Sollten Sie jedoch spezielle Dienstleistungen unserer Firma \u00fcber unsere Website in Anspruch nehmen [&hellip;]<\/p>\n","protected":false},"author":1,"featured_media":0,"parent":0,"menu_order":0,"comment_status":"closed","ping_status":"open","template":"elementor_canvas","meta":{"footnotes":""},"class_list":["post-3","page","type-page","status-publish","hentry"],"_links":{"self":[{"href":"https:\/\/eigenwill.com\/de\/wp-json\/wp\/v2\/pages\/3","targetHints":{"allow":["GET"]}}],"collection":[{"href":"https:\/\/eigenwill.com\/de\/wp-json\/wp\/v2\/pages"}],"about":[{"href":"https:\/\/eigenwill.com\/de\/wp-json\/wp\/v2\/types\/page"}],"author":[{"embeddable":true,"href":"https:\/\/eigenwill.com\/de\/wp-json\/wp\/v2\/users\/1"}],"replies":[{"embeddable":true,"href":"https:\/\/eigenwill.com\/de\/wp-json\/wp\/v2\/comments?post=3"}],"version-history":[{"count":6,"href":"https:\/\/eigenwill.com\/de\/wp-json\/wp\/v2\/pages\/3\/revisions"}],"predecessor-version":[{"id":263,"href":"https:\/\/eigenwill.com\/de\/wp-json\/wp\/v2\/pages\/3\/revisions\/263"}],"wp:attachment":[{"href":"https:\/\/eigenwill.com\/de\/wp-json\/wp\/v2\/media?parent=3"}],"curies":[{"name":"wp","href":"https:\/\/api.w.org\/{rel}","templated":true}]}}